{"id":12038,"date":"2022-06-22T21:44:34","date_gmt":"2022-06-23T01:44:34","guid":{"rendered":"https:\/\/seq.ca\/?page_id=12038"},"modified":"2022-09-16T14:49:35","modified_gmt":"2022-09-16T18:49:35","slug":"reunion-annuelle-2022","status":"publish","type":"page","link":"https:\/\/seq.ca\/en\/reunion-annuelles\/reunion-annuelle-2022\/","title":{"rendered":"R\u00e9union annuelle de la SEQ &#8211; 2022"},"content":{"rendered":"<div class=\"wp-block-columns are-vertically-aligned-center is-layout-flex wp-container-core-columns-is-layout-9d6595d7 wp-block-columns-is-layout-flex\">\n<div class=\"wp-block-column is-vertically-aligned-center is-layout-flow wp-block-column-is-layout-flow\" style=\"flex-basis:35%\"><div class=\"wp-block-image\">\n<figure class=\"alignleft size-full\"><img loading=\"lazy\" decoding=\"async\" width=\"265\" height=\"272\" src=\"https:\/\/seq.ca\/wp-content\/uploads\/2022\/09\/Banniere-logo-png-830\u00d7374-9-1-2022-5-45-45-PM-1.png\" alt=\"Logo du r\u00e9union annuelle 2022 de la SEQ\" class=\"wp-image-12258\" srcset=\"https:\/\/seq.ca\/wp-content\/uploads\/2022\/09\/Banniere-logo-png-830\u00d7374-9-1-2022-5-45-45-PM-1.png 265w, https:\/\/seq.ca\/wp-content\/uploads\/2022\/09\/Banniere-logo-png-830\u00d7374-9-1-2022-5-45-45-PM-1-58x60.png 58w\" sizes=\"auto, (max-width: 265px) 100vw, 265px\" \/><\/figure>\n<\/div><\/div>\n\n\n\n<div class=\"wp-block-column is-vertically-aligned-center is-layout-flow wp-block-column-is-layout-flow\" style=\"flex-basis:66.66%\">\n<h1 class=\"has-text-color has-x-large-font-size wp-block-heading\" style=\"color:#004f7c\">R\u00e9union annuelle 2022<\/h1>\n\n\n\n<h2 class=\"has-black-color has-text-color has-large-font-size wp-block-heading\">L\u2019entomologie, un monde d\u2019interactions<\/h2>\n<\/div>\n<\/div>\n\n\n\n<p class=\"has-text-align-left\">La Soci\u00e9t\u00e9 d\u2019entomologie du Qu\u00e9bec (SEQ) a l\u2019immense plaisir de vous inviter \u00e0 sa 149e r\u00e9union annuelle, laquelle aura lieu <strong>en pr\u00e9sentiel les 27 et 28 octobre 2022<\/strong> sur le site du zoo de Granby. Ce sera l\u2019occasion pour les membres de la SEQ et coll\u00e8gues de se revoir apr\u00e8s plusieurs mois d\u2019isolement et de d\u00e9ficit en interactions sociales. Ce n\u2019est pas pour rien que le th\u00e8me choisi cette ann\u00e9e pour le symposium est \u00ab <em>L\u2019entomologie, un monde d\u2019interactions<\/em> \u00bb. Nous aurons l\u2019occasion d\u2019entendre plusieurs chercheur.e.s nous parler de leur expertise sur les interactions trophiques, sociales ou plante-insecte. Ce sera donc une belle opportunit\u00e9 pour discuter des derni\u00e8res recherches effectu\u00e9es sur cette th\u00e9matique et de r\u00e9activer nos interactions entomologiques!<\/p>\n\n\n\n<p>Au plaisir de vous retrouver bient\u00f4t!<\/p>\n\n\n\n<h3 class=\"wp-block-heading\">Comit\u00e9 organisateur<\/h3>\n\n\n\n<p><strong>Pr\u00e9sidente : <\/strong>Annie-\u00c8ve Gagnon<\/p>\n\n\n\n<p><strong>Secr\u00e9taire : <\/strong>Danielle Thibodeau<\/p>\n\n\n\n<p><strong>Programme scientifique: <\/strong>Annie-\u00c8ve Gagnon, Carolane Audette, Thierry Boislard<\/p>\n\n\n\n<p><strong>Recherche de partenaires financiers : <\/strong>Annie-\u00c8ve Gagnon<\/p>\n\n\n\n<p><strong>Tr\u00e9sorier : <\/strong>Ga\u00e9tan Racette<\/p>\n\n\n\n<p><strong>Logistique sur place :<\/strong> Danielle Thibodeau, Julie Frenette, Jos\u00e9e Doyon, Carolane Audette et Thierry Boislard<\/p>\n\n\n\n<p><strong>Webmestre: <\/strong>Vinko Culjak Mathieu<\/p>\n\n\n\n<h3 class=\"wp-block-heading\">Dates importantes<\/h3>\n\n\n\n<ul class=\"wp-block-list\"><li><strong>Limite des inscriptions h\u00e2tives: <s>16 septembre, 23:59<\/s><\/strong> <strong><mark style=\"background-color:rgba(0, 0, 0, 0);color:#ec8656\" class=\"has-inline-color\">23 septembre 23:59<\/mark><\/strong><\/li><li>Limite pour soumission d\u2019un r\u00e9sum\u00e9 (pr\u00e9sentations orales et affiches) : 23 septembre, 23:59<\/li><li>Date du congr\u00e8s : 27 et 28 octobre<\/li><\/ul>\n\n\n\n<p><\/p>","protected":false},"excerpt":{"rendered":"<p>R\u00e9union annuelle 2022 L\u2019entomologie, un monde d\u2019interactions La Soci\u00e9t\u00e9 d\u2019entomologie du Qu\u00e9bec (SEQ) a l\u2019immense plaisir de vous inviter \u00e0 sa 149e r\u00e9union annuelle, laquelle aura lieu en pr\u00e9sentiel les 27 et 28 octobre 2022 sur le site du zoo de Granby. Ce sera l\u2019occasion pour les membres de la SEQ et coll\u00e8gues de se [&hellip;]<\/p>","protected":false},"author":1,"featured_media":0,"parent":36,"menu_order":0,"comment_status":"closed","ping_status":"closed","template":"","meta":{"pmpro_default_level":"","_uag_custom_page_level_css":"","footnotes":""},"class_list":["post-12038","page","type-page","status-publish","hentry","pmpro-has-access"],"uagb_featured_image_src":{"full":false,"thumbnail":false,"medium":false,"medium_large":false,"large":false,"1536x1536":false,"2048x2048":false,"trp-custom-language-flag":false,"featured-image-medium":false,"featured-img-medium":false},"uagb_author_info":{"display_name":"Soci\u00e9t\u00e9 d'entomologie du Qu\u00e9bec","author_link":"https:\/\/seq.ca\/en\/author\/webmestreseq\/"},"uagb_comment_info":0,"uagb_excerpt":"R\u00e9union annuelle 2022 L\u2019entomologie, un monde d\u2019interactions La Soci\u00e9t\u00e9 d\u2019entomologie du Qu\u00e9bec (SEQ) a l\u2019immense plaisir de vous inviter \u00e0 sa 149e r\u00e9union annuelle, laquelle aura lieu en pr\u00e9sentiel les 27 et 28 octobre 2022 sur le site du zoo de Granby. Ce sera l\u2019occasion pour les membres de la SEQ et coll\u00e8gues de se&hellip;","_links":{"self":[{"href":"https:\/\/seq.ca\/en\/wp-json\/wp\/v2\/pages\/12038","targetHints":{"allow":["GET"]}}],"collection":[{"href":"https:\/\/seq.ca\/en\/wp-json\/wp\/v2\/pages"}],"about":[{"href":"https:\/\/seq.ca\/en\/wp-json\/wp\/v2\/types\/page"}],"author":[{"embeddable":true,"href":"https:\/\/seq.ca\/en\/wp-json\/wp\/v2\/users\/1"}],"replies":[{"embeddable":true,"href":"https:\/\/seq.ca\/en\/wp-json\/wp\/v2\/comments?post=12038"}],"version-history":[{"count":0,"href":"https:\/\/seq.ca\/en\/wp-json\/wp\/v2\/pages\/12038\/revisions"}],"up":[{"embeddable":true,"href":"https:\/\/seq.ca\/en\/wp-json\/wp\/v2\/pages\/36"}],"wp:attachment":[{"href":"https:\/\/seq.ca\/en\/wp-json\/wp\/v2\/media?parent=12038"}],"curies":[{"name":"wp","href":"https:\/\/api.w.org\/{rel}","templated":true}]}}