{"id":12586,"date":"2022-09-14T09:38:52","date_gmt":"2022-09-14T13:38:52","guid":{"rendered":"https:\/\/seq.ca\/?page_id=12586"},"modified":"2022-09-14T09:40:48","modified_gmt":"2022-09-14T13:40:48","slug":"politique-edi","status":"publish","type":"page","link":"https:\/\/seq.ca\/en\/la-societe\/politique-edi\/","title":{"rendered":"Notre politique \u00c9DI"},"content":{"rendered":"<div class=\"wp-block-columns is-layout-flex wp-container-core-columns-is-layout-9d6595d7 wp-block-columns-is-layout-flex\">\n<div class=\"wp-block-column is-layout-flow wp-block-column-is-layout-flow\">\n<h2 class=\"wp-block-heading\"><strong>D\u00e9claration \u00c9DI<\/strong><\/h2>\n\n\n\n<p>La Soci\u00e9t\u00e9 d\u2019entomologie du Qu\u00e9bec (SEQ) est d\u00e9termin\u00e9e \u00e0 faire de l\u2019\u00e9quit\u00e9, de la diversit\u00e9 et de l\u2019inclusion des concepts phares dans son fonctionnement et la r\u00e9alisation de l\u2019ensemble de ses activit\u00e9s, travaux et collaborations, \u00e0 l\u2019interne comme \u00e0 l\u2019externe. Pour r\u00e9v\u00e9ler et renverser les barri\u00e8res qui contribuent \u00e0 la sous-repr\u00e9sentation de nombreuses identit\u00e9s en entomologie, il nous faut pr\u00e9venir et combattre les inconduites, violences et formes de discrimination envers les personnes, groupes et communaut\u00e9s marginalis\u00e9es et minor\u00e9es. Pour assurer un engagement continu, la SEQ compte rester au fait des meilleures pratiques pour favoriser l\u2019\u00c9DI et consulter activement ses membres. Les mesures structurelles, financi\u00e8res et symboliques que nous travaillons \u00e0 mettre en place \u00e0 cet effet incluent: <\/p>\n\n\n\n<ul class=\"wp-block-list\"><li>la cr\u00e9ation d\u2019un comit\u00e9 \u00c9DI;<\/li><li>le d\u00e9ploiement de documentation officielle (politique \u00c9DI, communication inclusive, code de conduite, liste de ressources, etc.);<\/li><li>la collecte de donn\u00e9es d\u00e9mographiques anonymes volontaires sur la diversit\u00e9 des identit\u00e9s de nos membres.<\/li><\/ul>\n<\/div>\n\n\n\n<div class=\"wp-block-column is-layout-flow wp-block-column-is-layout-flow\">\n<h2 class=\"wp-block-heading\"><strong>EDI Statement<\/strong><\/h2>\n\n\n\n<p>The Soci\u00e9t\u00e9 d&rsquo;entomologie du Qu\u00e9bec (SEQ) is committed to make equity, diversity, and inclusion (EDI) key concepts in how it operates and conducts all of its activities, engagements, and collaborations, whether internal or external. To reveal and abolish the barriers that contribute to the under-representation of many identities in entomology, we must work to prevent and fight the manifestations of misconduct, violence, and discrimination directed towards marginalized and minorised people, groups, and communities. To ensure our continuous engagement, the SEQ will keep informed on the best practices to encourage EDI while actively consulting its members. The structural, financial, and symbolic measures in the process of implementation to that effect include:<\/p>\n\n\n\n<ul class=\"wp-block-list\"><li>the creation of an EDI committee;<\/li><li>the development of official EDI documentation (EDI policy, inclusive communication, code of conduct, resources compilation, etc.);<\/li><li>the gathering of anonymised voluntary demographic information on our members&rsquo; diverse identities.<\/li><\/ul>\n<\/div>\n<\/div>","protected":false},"excerpt":{"rendered":"<p>D\u00e9claration \u00c9DI La Soci\u00e9t\u00e9 d\u2019entomologie du Qu\u00e9bec (SEQ) est d\u00e9termin\u00e9e \u00e0 faire de l\u2019\u00e9quit\u00e9, de la diversit\u00e9 et de l\u2019inclusion des concepts phares dans son fonctionnement et la r\u00e9alisation de l\u2019ensemble de ses activit\u00e9s, travaux et collaborations, \u00e0 l\u2019interne comme \u00e0 l\u2019externe. Pour r\u00e9v\u00e9ler et renverser les barri\u00e8res qui contribuent \u00e0 la sous-repr\u00e9sentation de nombreuses [&hellip;]<\/p>","protected":false},"author":1,"featured_media":10130,"parent":31,"menu_order":0,"comment_status":"closed","ping_status":"closed","template":"","meta":{"pmpro_default_level":"","_uag_custom_page_level_css":"","footnotes":""},"class_list":["post-12586","page","type-page","status-publish","has-post-thumbnail","hentry","pmpro-has-access"],"uagb_featured_image_src":{"full":["https:\/\/seq.ca\/wp-content\/uploads\/2020\/10\/DI-STRA-STR-14a_JMDS_LQ.jpg",2500,1667,false],"thumbnail":["https:\/\/seq.ca\/wp-content\/uploads\/2020\/10\/DI-STRA-STR-14a_JMDS_LQ-150x150.jpg",150,150,true],"medium":["https:\/\/seq.ca\/wp-content\/uploads\/2020\/10\/DI-STRA-STR-14a_JMDS_LQ-300x200.jpg",300,200,true],"medium_large":["https:\/\/seq.ca\/wp-content\/uploads\/2020\/10\/DI-STRA-STR-14a_JMDS_LQ-768x512.jpg",768,512,true],"large":["https:\/\/seq.ca\/wp-content\/uploads\/2020\/10\/DI-STRA-STR-14a_JMDS_LQ-1024x683.jpg",768,512,true],"1536x1536":["https:\/\/seq.ca\/wp-content\/uploads\/2020\/10\/DI-STRA-STR-14a_JMDS_LQ-1536x1024.jpg",1536,1024,true],"2048x2048":["https:\/\/seq.ca\/wp-content\/uploads\/2020\/10\/DI-STRA-STR-14a_JMDS_LQ-2048x1366.jpg",2048,1366,true],"trp-custom-language-flag":["https:\/\/seq.ca\/wp-content\/uploads\/2020\/10\/DI-STRA-STR-14a_JMDS_LQ.jpg",18,12,false],"featured-image-medium":["https:\/\/seq.ca\/wp-content\/uploads\/2020\/10\/DI-STRA-STR-14a_JMDS_LQ.jpg",525,350,false],"featured-img-medium":["https:\/\/seq.ca\/wp-content\/uploads\/2020\/10\/DI-STRA-STR-14a_JMDS_LQ.jpg",562,375,false]},"uagb_author_info":{"display_name":"Soci\u00e9t\u00e9 d'entomologie du Qu\u00e9bec","author_link":"https:\/\/seq.ca\/en\/author\/webmestreseq\/"},"uagb_comment_info":0,"uagb_excerpt":"D\u00e9claration \u00c9DI La Soci\u00e9t\u00e9 d\u2019entomologie du Qu\u00e9bec (SEQ) est d\u00e9termin\u00e9e \u00e0 faire de l\u2019\u00e9quit\u00e9, de la diversit\u00e9 et de l\u2019inclusion des concepts phares dans son fonctionnement et la r\u00e9alisation de l\u2019ensemble de ses activit\u00e9s, travaux et collaborations, \u00e0 l\u2019interne comme \u00e0 l\u2019externe. Pour r\u00e9v\u00e9ler et renverser les barri\u00e8res qui contribuent \u00e0 la sous-repr\u00e9sentation de nombreuses&hellip;","_links":{"self":[{"href":"https:\/\/seq.ca\/en\/wp-json\/wp\/v2\/pages\/12586","targetHints":{"allow":["GET"]}}],"collection":[{"href":"https:\/\/seq.ca\/en\/wp-json\/wp\/v2\/pages"}],"about":[{"href":"https:\/\/seq.ca\/en\/wp-json\/wp\/v2\/types\/page"}],"author":[{"embeddable":true,"href":"https:\/\/seq.ca\/en\/wp-json\/wp\/v2\/users\/1"}],"replies":[{"embeddable":true,"href":"https:\/\/seq.ca\/en\/wp-json\/wp\/v2\/comments?post=12586"}],"version-history":[{"count":0,"href":"https:\/\/seq.ca\/en\/wp-json\/wp\/v2\/pages\/12586\/revisions"}],"up":[{"embeddable":true,"href":"https:\/\/seq.ca\/en\/wp-json\/wp\/v2\/pages\/31"}],"wp:featuredmedia":[{"embeddable":true,"href":"https:\/\/seq.ca\/en\/wp-json\/wp\/v2\/media\/10130"}],"wp:attachment":[{"href":"https:\/\/seq.ca\/en\/wp-json\/wp\/v2\/media?parent=12586"}],"curies":[{"name":"wp","href":"https:\/\/api.w.org\/{rel}","templated":true}]}}