{"id":157,"date":"2018-11-27T21:51:57","date_gmt":"2018-11-28T02:51:57","guid":{"rendered":"https:\/\/seq.ca?page_id=157"},"modified":"2025-12-12T09:02:06","modified_gmt":"2025-12-12T14:02:06","slug":"conseil-administration","status":"publish","type":"page","link":"https:\/\/seq.ca\/en\/la-societe\/conseil-administration\/","title":{"rendered":"Conseil d\u2019administration 2025 de la SEQ"},"content":{"rendered":"<h6 class=\"wp-block-heading\">Le conseil d\u2019administration est compos\u00e9 de membres de la SEQ qui acceptent de participer de fa\u00e7on b\u00e9n\u00e9vole au d\u00e9veloppement et \u00e0 la promotion de la Soci\u00e9t\u00e9. Le conseil d\u2019administration est form\u00e9 chaque ann\u00e9e lors de la r\u00e9union annuelle de la SEQ.<\/h6>\n\n\n\n<div class=\"wp-block-columns are-vertically-aligned-center has-small-font-size is-layout-flex wp-container-core-columns-is-layout-9d6595d7 wp-block-columns-is-layout-flex\">\n<div class=\"wp-block-column is-vertically-aligned-center is-layout-flow wp-block-column-is-layout-flow\">\n<div class=\"wp-block-uagb-team uagb-team__image-position-above uagb-team__align-center uagb-team__stack-tablet uagb-block-3214f737\"><div class=\"uagb-team__content\"><img decoding=\"async\" class=\"uagb-team__image-crop-square\" src=\"https:\/\/seq.ca\/wp-content\/uploads\/2025\/02\/Jean-Philippe_Legare_cropped.jpg\" alt=\"\" height=\"200\" width=\"200\" loading=\"lazy\"\/><h3 class=\"uagb-team__title\"><strong>Jean-Philippe L\u00e9gar\u00e9<\/strong><\/h3><span class=\"uagb-team__prefix\"><strong>Pr\u00e9sident<\/strong><\/span><p class=\"uagb-team__desc\">\u00a0Laboratoire d\u2019expertise et de diagnostic en phytoprotection, MAPAQ<\/p><\/div><\/div>\n<\/div>\n\n\n\n<div class=\"wp-block-column is-vertically-aligned-center is-layout-flow wp-block-column-is-layout-flow\">\n<div class=\"wp-block-uagb-team uagb-team__image-position-above uagb-team__align-center uagb-team__stack-tablet uagb-block-37f08d8e\"><div class=\"uagb-team__content\"><img decoding=\"async\" class=\"uagb-team__image-crop-square\" src=\"https:\/\/seq.ca\/wp-content\/uploads\/2025\/12\/RichardSEQ-e1764797122716.jpg\" alt=\"\" height=\"200\" width=\"200\" loading=\"lazy\"\/><h3 class=\"uagb-team__title\"><strong>Richard Trudel<\/strong><\/h3><span class=\"uagb-team__prefix\"><strong>Vice-pr\u00e9sident<\/strong><\/span><p class=\"uagb-team__desc\">GDG Environnement Lt\u00e9e<\/p><\/div><\/div>\n<\/div>\n\n\n\n<div class=\"wp-block-column is-vertically-aligned-center is-layout-flow wp-block-column-is-layout-flow\">\n<div class=\"wp-block-uagb-team uagb-team__image-position-above uagb-team__align-center uagb-team__stack-tablet uagb-block-9db90a7f\"><div class=\"uagb-team__content\"><img decoding=\"async\" class=\"uagb-team__image-crop-square\" src=\"https:\/\/seq.ca\/wp-content\/uploads\/2023\/12\/Photo-Sebastien-Boquel-2.png\" alt=\"\" height=\"200\" width=\"200\" loading=\"lazy\"\/><h3 class=\"uagb-team__title\"><strong>S\u00e9bastien Boquel<\/strong><\/h3><span class=\"uagb-team__prefix\"><strong>Pr\u00e9sident sortant<\/strong><\/span><p class=\"uagb-team__desc\">Centre de recherche sur les grains (C\u00c9ROM)<\/p><\/div><\/div>\n<\/div>\n<\/div>\n\n\n\n<div class=\"wp-block-columns has-small-font-size is-layout-flex wp-container-core-columns-is-layout-9d6595d7 wp-block-columns-is-layout-flex\">\n<div class=\"wp-block-column is-layout-flow wp-block-column-is-layout-flow\">\n<div class=\"wp-block-uagb-team uagb-team__image-position-above uagb-team__align-center uagb-team__stack-tablet uagb-block-a33c459e\"><div class=\"uagb-team__content\"><img decoding=\"async\" class=\"uagb-team__image-crop-normal\" src=\"https:\/\/seq.ca\/wp-content\/uploads\/2023\/12\/Marc-Fournier-1-225x300-1.png\" alt=\"\" height=\"200\" width=\"200\" loading=\"lazy\"\/><h3 class=\"uagb-team__title\"><strong>Marc Fournier<\/strong><\/h3><span class=\"uagb-team__prefix\"><strong>Tr\u00e9sorier<\/strong><\/span><p class=\"uagb-team__desc\">Universit\u00e9 du Qu\u00e9bec \u00e0 Montr\u00e9al<\/p><\/div><\/div>\n<\/div>\n\n\n\n<div class=\"wp-block-column is-layout-flow wp-block-column-is-layout-flow\">\n<div class=\"wp-block-uagb-team uagb-team__image-position-above uagb-team__align-center uagb-team__stack-tablet uagb-block-b82cbf76\"><div class=\"uagb-team__content\"><img decoding=\"async\" class=\"uagb-team__image-crop-normal\" src=\"https:\/\/seq.ca\/wp-content\/uploads\/2024\/08\/Nicolas-Chatel-Launay-PortraitCropped-1.jpg\" alt=\"\" height=\"200\" width=\"200\" loading=\"lazy\"\/><h3 class=\"uagb-team__title\"><strong>Nicolas Chatel-Launay<\/strong><\/h3><span class=\"uagb-team__prefix\"><strong>Secr\u00e9taire<\/strong><\/span><p class=\"uagb-team__desc\">Conseil pour le d\u00e9veloppement de l&rsquo;agriculture du Qu\u00e9bec (CDAQ)<\/p><\/div><\/div>\n<\/div>\n\n\n\n<div class=\"wp-block-column is-layout-flow wp-block-column-is-layout-flow\">\n<div class=\"wp-block-uagb-team uagb-team__image-position-above uagb-team__align-center uagb-team__stack-tablet uagb-block-a2cb7728\"><div class=\"uagb-team__content\"><img decoding=\"async\" class=\"uagb-team__image-crop-normal\" src=\"https:\/\/seq.ca\/wp-content\/uploads\/2023\/12\/Marie-1.png\" alt=\"\" height=\"200\" width=\"200\" loading=\"lazy\"\/><h3 class=\"uagb-team__title\"><strong><strong>Marie D&rsquo;Ottavio<\/strong><\/strong><\/h3><span class=\"uagb-team__prefix\"><strong>Registraire<\/strong><\/span><p class=\"uagb-team__desc\">Universit\u00e9 du Qu\u00e9bec \u00e0 Montr\u00e9al<\/p><\/div><\/div>\n<\/div>\n<\/div>\n\n\n\n<div class=\"wp-block-columns has-small-font-size is-layout-flex wp-container-core-columns-is-layout-9d6595d7 wp-block-columns-is-layout-flex\">\n<div class=\"wp-block-column is-layout-flow wp-block-column-is-layout-flow\">\n<div class=\"wp-block-uagb-team uagb-team__image-position-above uagb-team__align-center uagb-team__stack-tablet uagb-block-3ac19747\"><div class=\"uagb-team__content\"><img decoding=\"async\" class=\"uagb-team__image-crop-normal\" src=\"https:\/\/seq.ca\/wp-content\/uploads\/2025\/11\/8-IMG_2006-scaled-e1764386135910.jpg\" alt=\"\" height=\"200\" width=\"200\" loading=\"lazy\"\/><h3 class=\"uagb-team__title\"><strong><strong>V\u00e9ronique Martel<\/strong><\/strong><\/h3><span class=\"uagb-team__prefix\"><strong>Directrice g\u00e9n\u00e9rale<\/strong><\/span><p class=\"uagb-team__desc\">Universit\u00e9 du Qu\u00e9bec \u00e0 Montr\u00e9al<\/p><\/div><\/div>\n<\/div>\n\n\n\n<div class=\"wp-block-column is-layout-flow wp-block-column-is-layout-flow\">\n<div class=\"wp-block-uagb-team uagb-team__image-position-above uagb-team__align-center uagb-team__stack-tablet uagb-block-dc40fc9c\"><div class=\"uagb-team__content\"><img decoding=\"async\" class=\"uagb-team__image-crop-normal\" src=\"https:\/\/seq.ca\/wp-content\/uploads\/2023\/12\/Moi_2.png\" alt=\"\" height=\"200\" width=\"200\" loading=\"lazy\"\/><h3 class=\"uagb-team__title\"><strong><strong>Fr\u00e9d\u00e9ric McCune<\/strong><\/strong><\/h3><span class=\"uagb-team__prefix\"><strong>Directeur r\u00e9gional (Qu\u00e9bec)<\/strong><\/span><p class=\"uagb-team__desc\">Directeur r\u00e9gional (Qu\u00e9bec)<\/p><\/div><\/div>\n<\/div>\n\n\n\n<div class=\"wp-block-column is-layout-flow wp-block-column-is-layout-flow\">\n<div class=\"wp-block-uagb-team uagb-team__image-position-above uagb-team__align-center uagb-team__stack-tablet uagb-block-31d0578d\"><div class=\"uagb-team__content\"><img decoding=\"async\" class=\"uagb-team__image-crop-normal\" src=\"https:\/\/seq.ca\/wp-content\/uploads\/2023\/12\/Didier-Labarre_picture.png\" alt=\"\" height=\"200\" width=\"200\" loading=\"lazy\"\/><h3 class=\"uagb-team__title\"><strong><strong><strong><strong>Didier Labarre<\/strong><\/strong><\/strong><\/strong><\/h3><span class=\"uagb-team__prefix\"><strong>Directeur r\u00e9gional (Centre-du-Qu\u00e9bec)<\/strong><\/span><p class=\"uagb-team__desc\">Association des producteurs de canneberges du Qu\u00e9bec<\/p><\/div><\/div>\n<\/div>\n<\/div>\n\n\n\n<div class=\"wp-block-columns has-small-font-size is-layout-flex wp-container-core-columns-is-layout-9d6595d7 wp-block-columns-is-layout-flex\">\n<div class=\"wp-block-column is-layout-flow wp-block-column-is-layout-flow\">\n<div class=\"wp-block-uagb-team uagb-team__image-position-above uagb-team__align-center uagb-team__stack-tablet uagb-block-91fe5ad3\"><div class=\"uagb-team__content\"><img decoding=\"async\" class=\"uagb-team__image-crop-normal\" src=\"https:\/\/seq.ca\/wp-content\/uploads\/2023\/12\/Amelie_Morin.png\" alt=\"\" height=\"234\" width=\"234\" loading=\"lazy\"\/><h3 class=\"uagb-team__title\"><strong><strong><strong>Am\u00e9lie Morin<\/strong><\/strong><\/strong><\/h3><span class=\"uagb-team__prefix\"><strong>Repr\u00e9sentante \u00e9tudiante<\/strong><\/span><p class=\"uagb-team__desc\">Universit\u00e9 Laval<\/p><\/div><\/div>\n<\/div>\n<\/div>\n\n\n\n<div class=\"wp-block-uagb-advanced-heading uagb-block-12266f42\"><h3 class=\"uagb-heading-text\">Membres invit\u00e9s<\/h3><div class=\"uagb-separator\"><\/div><\/div>\n\n\n\n<div class=\"wp-block-columns is-layout-flex wp-container-core-columns-is-layout-9d6595d7 wp-block-columns-is-layout-flex\">\n<div class=\"wp-block-column is-layout-flow wp-block-column-is-layout-flow\">\n<div class=\"wp-block-uagb-team uagb-team__image-position-above uagb-team__align-center uagb-team__stack-tablet uagb-block-23abc1d5\"><div class=\"uagb-team__content\"><img decoding=\"async\" class=\"uagb-team__image-crop-normal\" src=\"https:\/\/seq.ca\/wp-content\/uploads\/2024\/08\/keithwauthy.jpg\" alt=\"\" height=\"234\" width=\"234\" loading=\"lazy\"\/><h3 class=\"uagb-team__title\"><strong><strong><strong>Keith Wauthy<\/strong><\/strong><\/strong><\/h3><span class=\"uagb-team__prefix\"><strong>Webmestre <a href=\"mailto:webmestreseq@gmail.com\"><strong>webmestreseq@gmail.com<\/strong><\/a><\/strong><\/span><p class=\"uagb-team__desc\">Universit\u00e9 Laval<\/p><\/div><\/div>\n<\/div>\n\n\n\n<div class=\"wp-block-column is-layout-flow wp-block-column-is-layout-flow\">\n<div class=\"wp-block-uagb-team uagb-team__image-position-above uagb-team__align-center uagb-team__stack-tablet uagb-block-46ca5e4c\"><div class=\"uagb-team__content\"><img decoding=\"async\" class=\"uagb-team__image-crop-normal\" src=\"https:\/\/seq.ca\/wp-content\/uploads\/2023\/12\/APDP-1-1.png\" alt=\"\" height=\"234\" width=\"234\" loading=\"lazy\"\/><h3 class=\"uagb-team__title\"><strong><strong><strong>Andr\u00e9-Philippe Drapeau-Picard<\/strong><\/strong><\/strong><\/h3><span class=\"uagb-team__prefix\"><strong>Responsable du Fonds-SEQ<a href=\"mailto:fondsseq@gmail.com\" target=\"_blank\" rel=\"noreferrer noopener\"> <strong><span style=\"text-decoration: underline;\">fondsseq@gmail.com<\/span><\/strong><\/a><\/strong><\/span><p class=\"uagb-team__desc\">Insectarium de Montr\u00e9al<\/p><\/div><\/div>\n<\/div>\n<\/div>\n\n\n\n<h3 class=\"wp-block-heading\">Pour joindre la Soci\u00e9t\u00e9 d&rsquo;entomologie du Qu\u00e9bec<\/h3>\n\n\n\n<p>Par courriel :   <a href=\"mailto:secretariat@seq.qc.ca\"><\/a><a href=\"mailto:secretaireseq@gmail.com\"><span style=\"text-decoration: underline;\"><strong>secretaireseq@gmail.com<\/strong><\/span><\/a><\/p>\n\n\n\n<p>Par la poste :<\/p>\n\n\n\n<blockquote class=\"wp-block-quote is-layout-flow wp-block-quote-is-layout-flow\">\n<p><strong>Soci\u00e9t\u00e9 d\u2019entomologie du Qu\u00e9bec<\/strong><\/p>\n\n\n\n<p>Complexe scientifique<\/p>\n\n\n\n<p>2700, rue Einstein, D.1.330<\/p>\n\n\n\n<p>Qu\u00e9bec (Qu\u00e9bec)&nbsp; G1P 3W8<\/p>\n<\/blockquote>\n\n\n\n<p><\/p>\n\n\n\n<h1 class=\"wp-block-heading\">Ex-pr\u00e9sidents<\/h1>\n\n\n\n<div class=\"wp-block-columns has-2-columns is-layout-flex wp-container-core-columns-is-layout-9d6595d7 wp-block-columns-is-layout-flex\">\n<div class=\"wp-block-column is-layout-flow wp-block-column-is-layout-flow\">\n<p> 1951-52 \u2013 Ovila Fournier\u2020<br> 1952-53 \u2013 Georges Gauthier-<br> 1953-54 \u2013 Andr\u00e9 A. Beaulieu\u2020<br> 1954-55 \u2013 Andr\u00e9 A. Beaulieu\u2020<br> 1955-56 \u2013 Andr\u00e9 A. Beaulieu\u2020<br> 1956-57 \u2013 Joseph A. Duncan\u2020<br> 1957-58 \u2013 Joseph A. Duncan\u2020<br> 1958-59 \u2013 Frank O. Morrison\u2020<br> 1959-60 \u2013 Lionel Daviault\u2020<br> 1060-61 \u2013 Jean-Baptiste Maltais\u2020<br> 1961-62 \u2013 J. Andr\u00e9 Doyle\u2020<br> 1962-63 \u2013 Napol\u00e9on P. Beaudoin\u2020<br> 1963-64 \u2013 J. Lucien Auclair\u2020<br> 1964-65 \u2013 Ren\u00e9 Martineau\u2020<br> 1965-66 \u2013 Edgar J. Leroux\u2020<br> 1966-67 \u2013 Robert Blais<br> 1967-68 \u2013 Cl\u00e9ment Levac<br> 1968-69 \u2013 Jean-Jacques Cartier<br> 1969-70 \u2013 Paul Morisset\u2020<br> 1970-71 \u2013 Wladimir A. Smirnoff\u2020<br> 1971-72 \u2013 J. Lucien Auclair\u2020<br> 1972-73 \u2013 Rodolphe O. Paradis\u2020<br> 1973-74 \u2013 G\u00e9rard Rioux\u2020<br> 1974-75 \u2013 Lucien Huot<br> 1975-76 \u2013 Louis C. O\u2019Neil<br> 1976-77 \u2013 Roger Garneau\u2020<br> 1977-78 \u2013 Robert J. Harrison<br> 1978-79 \u2013 Jeremy N. McNeil<br> 1979-80 \u2013 Luc Jobin<br> 1980-81 \u2013 Andr\u00e9 Francoeur<br> 1981-82 \u2013 Jean-Pierre Bourassa<br> 1982-83 \u2013 Jean-Marie Perron<br> 1983-84 \u2013 Pierre-Paul Harper\u2020<br> 1984-85 \u2013 Jean-Guy Pilon<br>1985-86 \u2013 Jean-Pierre Bourassa<br>1986-87 \u2013 Pierre Martel<br> <\/p>\n<\/div>\n\n\n\n<div class=\"wp-block-column is-layout-flow wp-block-column-is-layout-flow\">\n<p>1987-88 \u2013 Charles Vincent<br>1988-89 \u2013 Raymond-Marie Duchesne<br>1989-90 \u2013 Pierre Therrien<br>1990-91 \u2013 Domingos D. de Oliveira<br>1991-92 \u2013 Mich\u00e8le Roy<br>1992-93 \u2013 Guy Boivin<br>1993-94 \u2013 Raymond-Marie Duchesne<br>1994-95 \u2013 G\u00e9rald Chouinard<br>1995-96 \u2013 Michel Letendre<br>1996-97 \u2013 Fran\u00e7ois Fournier<br>1997-98 \u2013 Denis Bouchard<br>1998-99 \u2013 Andr\u00e9 Bouchard<br>1999-00 \u2013 Fran\u00e7ois Lorenzetti<br>2000-01 \u2013 Andr\u00e9 Poliquin<br>2001-02 \u2013 Yves Mauffette<br>2002-03 \u2013 Daniel Gingras<br>2003-04 \u2013 Michel Cusson<br>2004-05 \u2013 Jacques Brodeur<br>2005-06 \u2013 \u00c9ric Lucas<br>2006-07 \u2013 Daniel Cormier<br>2007-08 \u2013 Jos\u00e9e Boisclair<br>2008-09 \u2013 Timothy Work<br>2009-10 \u2013 Guy Charpentier<br>2010-11 \u2013 Bruno Fr\u00e9chette<br>2011-12 \u2013 Sophie Rochefort<br>2012-13 \u2013 Jade Savage<br>2013-14 \u2013 V\u00e9ronique Martel<br>2014-15 \u2013 Caroline Provost<br>2015-16 \u2013 Julien Saguez<br>2016-17 \u2013 Genevi\u00e8ve Labrie<br>2017-18 &#8211; Val\u00e9rie Fournier<br>2018-19 &#8211; Raymond-Marie Duchesne<br>2019-20 &#8211; Annie-\u00c8ve Gagnon<br>2020-21 &#8211; Jean-Philippe Parent<br>2021-22 &#8211; Julie-\u00c9l\u00e9onore Maisonhaute<br>2022-23 &#8211; Julia Mlynarek<br>2023-24 &#8211; Maxime Lef\u00e8bvre<br>2024-25 &#8211; S\u00e9bastien Boquel<\/p>\n\n\n\n<p><\/p>\n\n\n\n<p><\/p>\n\n\n\n<p><\/p>\n\n\n\n<p><\/p>\n<\/div>\n<\/div>\n\n\n\n<p>\u2020&nbsp; d\u00e9c\u00e9d\u00e9 <\/p>","protected":false},"excerpt":{"rendered":"<p>Le conseil d&rsquo;administration est compos\u00e9 de membres de la SEQ qui acceptent de participer de fa\u00e7on b\u00e9n\u00e9vole au d\u00e9veloppement et \u00e0 la promotion de la Soci\u00e9t\u00e9. Le conseil d&rsquo;administration est form\u00e9 chaque ann\u00e9e lors de la r\u00e9union annuelle de la SEQ.<\/p>","protected":false},"author":1,"featured_media":13872,"parent":31,"menu_order":1,"comment_status":"closed","ping_status":"closed","template":"","meta":{"pmpro_default_level":"","_uag_custom_page_level_css":"","footnotes":""},"class_list":["post-157","page","type-page","status-publish","has-post-thumbnail","hentry","pmpro-has-access"],"uagb_featured_image_src":{"full":["https:\/\/seq.ca\/wp-content\/uploads\/2025\/02\/homepage_honeybee.webp",1200,800,false],"thumbnail":["https:\/\/seq.ca\/wp-content\/uploads\/2025\/02\/homepage_honeybee-150x150.webp",150,150,true],"medium":["https:\/\/seq.ca\/wp-content\/uploads\/2025\/02\/homepage_honeybee-300x200.webp",300,200,true],"medium_large":["https:\/\/seq.ca\/wp-content\/uploads\/2025\/02\/homepage_honeybee-768x512.webp",768,512,true],"large":["https:\/\/seq.ca\/wp-content\/uploads\/2025\/02\/homepage_honeybee-1024x683.webp",768,512,true],"1536x1536":["https:\/\/seq.ca\/wp-content\/uploads\/2025\/02\/homepage_honeybee.webp",1200,800,false],"2048x2048":["https:\/\/seq.ca\/wp-content\/uploads\/2025\/02\/homepage_honeybee.webp",1200,800,false],"trp-custom-language-flag":["https:\/\/seq.ca\/wp-content\/uploads\/2025\/02\/homepage_honeybee.webp",18,12,false],"featured-image-medium":["https:\/\/seq.ca\/wp-content\/uploads\/2025\/02\/homepage_honeybee-768x350.webp",768,350,true],"featured-img-medium":["https:\/\/seq.ca\/wp-content\/uploads\/2025\/02\/homepage_honeybee-830x375.webp",830,375,true]},"uagb_author_info":{"display_name":"Soci\u00e9t\u00e9 d'entomologie du Qu\u00e9bec","author_link":"https:\/\/seq.ca\/en\/author\/webmestreseq\/"},"uagb_comment_info":0,"uagb_excerpt":"Le conseil d'administration est compos\u00e9 de membres de la SEQ qui acceptent de participer de fa\u00e7on b\u00e9n\u00e9vole au d\u00e9veloppement et \u00e0 la promotion de la Soci\u00e9t\u00e9. Le conseil d'administration est form\u00e9 chaque ann\u00e9e lors de la r\u00e9union annuelle de la SEQ.","_links":{"self":[{"href":"https:\/\/seq.ca\/en\/wp-json\/wp\/v2\/pages\/157","targetHints":{"allow":["GET"]}}],"collection":[{"href":"https:\/\/seq.ca\/en\/wp-json\/wp\/v2\/pages"}],"about":[{"href":"https:\/\/seq.ca\/en\/wp-json\/wp\/v2\/types\/page"}],"author":[{"embeddable":true,"href":"https:\/\/seq.ca\/en\/wp-json\/wp\/v2\/users\/1"}],"replies":[{"embeddable":true,"href":"https:\/\/seq.ca\/en\/wp-json\/wp\/v2\/comments?post=157"}],"version-history":[{"count":0,"href":"https:\/\/seq.ca\/en\/wp-json\/wp\/v2\/pages\/157\/revisions"}],"up":[{"embeddable":true,"href":"https:\/\/seq.ca\/en\/wp-json\/wp\/v2\/pages\/31"}],"wp:featuredmedia":[{"embeddable":true,"href":"https:\/\/seq.ca\/en\/wp-json\/wp\/v2\/media\/13872"}],"wp:attachment":[{"href":"https:\/\/seq.ca\/en\/wp-json\/wp\/v2\/media?parent=157"}],"curies":[{"name":"wp","href":"https:\/\/api.w.org\/{rel}","templated":true}]}}