{"id":3283,"date":"2019-06-23T23:07:09","date_gmt":"2019-06-24T03:07:09","guid":{"rendered":"https:\/\/seq.ca\/?page_id=3283"},"modified":"2022-09-07T17:43:22","modified_gmt":"2022-09-07T21:43:22","slug":"concours-photo-2019","status":"publish","type":"page","link":"https:\/\/seq.ca\/en\/reunion-annuelles\/reunion-annuelle-2019\/concours-photo-2019\/","title":{"rendered":"Concours photo des arthropodes terrestres de la SEQ &#8211; 2019"},"content":{"rendered":"<p>Les photos\nmettant en vedette tous les arthropodes (insectes, acariens, opilions,\naraign\u00e9es, millip\u00e8des, centip\u00e8des\u2026) sont accept\u00e9es. Seuls les membres de la SEQ\npeuvent participer au concours et jusqu\u2019\u00e0 3 photos par participant pourront y\n\u00eatre soumises. <\/p>\n\n\n\n<p>Chaque photo haute r\u00e9solution (minimum 1500\u00a0x\u00a01800 pixels) soumise doit \u00eatre accompagn\u00e9e d\u2019un titre (obligatoire) et d\u2019une courte mise en contexte (optionnelle; 2 ou 3 phrases); les photos doivent \u00eatre soumises au plus tard le 15 novembre 2019 \u00e0 l\u2019adresse suivante : <a href=\"mailto:amelie.gervais.3@ulaval.ca\">amelie.gervais.3@ulaval.ca<\/a>. <\/p>\n\n\n\n<p>Il n\u2019est pas\nn\u00e9cessaire de pr\u00e9senter une version imprim\u00e9e pour les photos soumises au\nconcours. Pour toute question, n\u2019h\u00e9sitez pas \u00e0 communiquer par courriel avec\nAm\u00e9lie Gervais. Les photos seront affich\u00e9es lors du congr\u00e8s 2019 et un vote\npopulaire m\u00e8nera au choix des laur\u00e9ats. Les photos gagnantes seront utilis\u00e9es\nsur la couverture de la revue <em>Antennae<\/em>.\nEn participant au concours, vous donnez donc la permission d\u2019utiliser votre\nphoto sur le site web de la SEQ, sur sa page Facebook ainsi que dans <em>Antennae<\/em>. L\u2019organisateur du concours se\nr\u00e9serve le droit d\u2019\u00e9liminer toute photo jug\u00e9e hors contexte.<\/p>","protected":false},"excerpt":{"rendered":"<p>Les photos mettant en vedette tous les arthropodes (insectes, acariens, opilions, araign\u00e9es, millip\u00e8des, centip\u00e8des\u2026) sont accept\u00e9es. Seuls les membres de la SEQ peuvent participer au concours et jusqu\u2019\u00e0 3 photos par participant pourront y \u00eatre soumises. Chaque photo haute r\u00e9solution (minimum 1500\u00a0x\u00a01800 pixels) soumise doit \u00eatre accompagn\u00e9e d\u2019un titre (obligatoire) et d\u2019une courte mise en [&hellip;]<\/p>","protected":false},"author":1,"featured_media":3483,"parent":3222,"menu_order":5,"comment_status":"closed","ping_status":"closed","template":"","meta":{"pmpro_default_level":"","_uag_custom_page_level_css":"","footnotes":""},"class_list":["post-3283","page","type-page","status-publish","has-post-thumbnail","hentry","pmpro-has-access"],"uagb_featured_image_src":{"full":["https:\/\/seq.ca\/wp-content\/uploads\/2019\/06\/cropped-Banni\u00e8re4-high_2_large_test-2.png",2980,1677,false],"thumbnail":["https:\/\/seq.ca\/wp-content\/uploads\/2019\/06\/cropped-Banni\u00e8re4-high_2_large_test-2-150x150.png",150,150,true],"medium":["https:\/\/seq.ca\/wp-content\/uploads\/2019\/06\/cropped-Banni\u00e8re4-high_2_large_test-2-300x169.png",300,169,true],"medium_large":["https:\/\/seq.ca\/wp-content\/uploads\/2019\/06\/cropped-Banni\u00e8re4-high_2_large_test-2-768x432.png",768,432,true],"large":["https:\/\/seq.ca\/wp-content\/uploads\/2019\/06\/cropped-Banni\u00e8re4-high_2_large_test-2-1024x576.png",768,432,true],"1536x1536":["https:\/\/seq.ca\/wp-content\/uploads\/2019\/06\/cropped-Banni\u00e8re4-high_2_large_test-2.png",1536,864,false],"2048x2048":["https:\/\/seq.ca\/wp-content\/uploads\/2019\/06\/cropped-Banni\u00e8re4-high_2_large_test-2.png",2048,1153,false],"trp-custom-language-flag":["https:\/\/seq.ca\/wp-content\/uploads\/2019\/06\/cropped-Banni\u00e8re4-high_2_large_test-2.png",18,10,false],"featured-image-medium":["https:\/\/seq.ca\/wp-content\/uploads\/2019\/06\/cropped-Banni\u00e8re4-high_2_large_test-2.png",622,350,false],"featured-img-medium":["https:\/\/seq.ca\/wp-content\/uploads\/2019\/06\/cropped-Banni\u00e8re4-high_2_large_test-2.png",666,375,false]},"uagb_author_info":{"display_name":"Soci\u00e9t\u00e9 d'entomologie du Qu\u00e9bec","author_link":"https:\/\/seq.ca\/en\/author\/webmestreseq\/"},"uagb_comment_info":0,"uagb_excerpt":"Les photos mettant en vedette tous les arthropodes (insectes, acariens, opilions, araign\u00e9es, millip\u00e8des, centip\u00e8des\u2026) sont accept\u00e9es. Seuls les membres de la SEQ peuvent participer au concours et jusqu\u2019\u00e0 3 photos par participant pourront y \u00eatre soumises. Chaque photo haute r\u00e9solution (minimum 1500\u00a0x\u00a01800 pixels) soumise doit \u00eatre accompagn\u00e9e d\u2019un titre (obligatoire) et d\u2019une courte mise en&hellip;","_links":{"self":[{"href":"https:\/\/seq.ca\/en\/wp-json\/wp\/v2\/pages\/3283","targetHints":{"allow":["GET"]}}],"collection":[{"href":"https:\/\/seq.ca\/en\/wp-json\/wp\/v2\/pages"}],"about":[{"href":"https:\/\/seq.ca\/en\/wp-json\/wp\/v2\/types\/page"}],"author":[{"embeddable":true,"href":"https:\/\/seq.ca\/en\/wp-json\/wp\/v2\/users\/1"}],"replies":[{"embeddable":true,"href":"https:\/\/seq.ca\/en\/wp-json\/wp\/v2\/comments?post=3283"}],"version-history":[{"count":0,"href":"https:\/\/seq.ca\/en\/wp-json\/wp\/v2\/pages\/3283\/revisions"}],"up":[{"embeddable":true,"href":"https:\/\/seq.ca\/en\/wp-json\/wp\/v2\/pages\/3222"}],"wp:featuredmedia":[{"embeddable":true,"href":"https:\/\/seq.ca\/en\/wp-json\/wp\/v2\/media\/3483"}],"wp:attachment":[{"href":"https:\/\/seq.ca\/en\/wp-json\/wp\/v2\/media?parent=3283"}],"curies":[{"name":"wp","href":"https:\/\/api.w.org\/{rel}","templated":true}]}}