{"id":9705,"date":"2020-03-12T09:26:50","date_gmt":"2020-03-12T13:26:50","guid":{"rendered":"https:\/\/seq.ca\/?page_id=9705"},"modified":"2022-09-07T17:54:25","modified_gmt":"2022-09-07T21:54:25","slug":"insecte-emblematique","status":"publish","type":"page","link":"https:\/\/seq.ca\/en\/insecte-emblematique\/","title":{"rendered":"White admiral: Quebec's Insect Emblem"},"content":{"rendered":"<h4 class=\"wp-block-heading\"><strong>Un insecte embl\u00e9matique pour le Qu\u00e9bec<\/strong>, <strong>pourquoi pas?<\/strong><\/h4>\n\n\n\n<p><strong>Mise en contexte<\/strong><\/p>\n\n\n\n<p>Le Qu\u00e9bec poss\u00e8de d\u00e9j\u00e0 trois embl\u00e8mes nationaux officiels :\nle Bouleau jaune, le Harfang des neiges et l\u2019Iris versicolore. Depuis quelques ann\u00e9es\nle papillon amiral a \u00e9t\u00e9 choisi par un vote d\u00e9mocratique pour \u00eatre le papillon\n\/ insecte embl\u00e8me du Qu\u00e9bec. Des d\u00e9marches ont \u00e9t\u00e9 effectu\u00e9es \u00e0 diverses\nreprises pour obtenir sa reconnaissance officielle par l\u2019Assembl\u00e9e nationale du\nQu\u00e9bec.<\/p>\n\n\n\n<p><strong>Pourquoi un insecte\nembl\u00e8me pour le Qu\u00e9bec ?<\/strong><\/p>\n\n\n\n<p>Avec plus de 25 000 esp\u00e8ces pr\u00e9sentes au Qu\u00e9bec, les insectes\nconstituent probablement la plus riche et belle diversit\u00e9 animale de la province.\nTant\u00f4t aim\u00e9s (les papillons sont s\u00fbrement le meilleur exemple), tant\u00f4t d\u00e9test\u00e9s\n(pensons aux maringouins et aux mouches noires), les insectes occupent un r\u00f4le majeur\ndans le maintien des \u00e9cosyst\u00e8mes et dans la pollinisation de nos plantes. En\nbref, ils sont essentiels \u00e0 notre pr\u00e9sence sur Terre. Or, depuis quelques\nann\u00e9es, on observe un d\u00e9clin mondial des populations d\u2019insectes. Doter le\nQu\u00e9bec d\u2019un embl\u00e8me entomologique constituerait une reconnaissance de\nl\u2019importante des insectes dans nos \u00e9cosyst\u00e8mes et au niveau de la biodiversit\u00e9\nen g\u00e9n\u00e9ral.<\/p>\n\n\n\n<p><strong>Historique du projet<\/strong><\/p>\n\n\n\n<p>Rappelons que l\u2019id\u00e9e d\u2019un insecte embl\u00e8me est celle d\u2019un citoyen\nqui s\u2019\u00e9tonnait de voir que de nombreux \u00e9tats am\u00e9ricains en poss\u00e9daient un. Il\nadressa alors une lettre \u00e0 l\u2019Insectarium de Montr\u00e9al en 1993 dans laquelle il\nsugg\u00e9rait de doter le Qu\u00e9bec d\u2019un embl\u00e8me entomologique. <\/p>\n\n\n\n<p>Par la suite, un comit\u00e9 fut form\u00e9 pour \u00e9tudier le dossier. Compos\u00e9\nde quatre entomologistes (Jean-Pierre Bourassa de l\u2019UQTR, Daniel Coderre de l\u2019UQAM,\nMarjolaine Giroux de l\u2019Insectarium de Montr\u00e9al et Serge Laplante d\u2019Agriculture et\nAgroalimentaire Canada), mais aussi d\u2019un botaniste (Daniel Gagnon de l\u2019UQAM) et\nd\u2019un biologiste (Jacques Prescott du Minist\u00e8re de l\u2019Environnement et de la Faune),\nce comit\u00e9 a eu pour mandat, entre autres, d\u2019\u00e9tablir les crit\u00e8res de s\u00e9lection et\nde choisir les insectes candidats.<\/p>\n\n\n\n<p>En 1996, le comit\u00e9 arr\u00eatait ses choix sur 5 esp\u00e8ces, \u00e0 savoir\u00a0: la coccinelle macul\u00e9e (<em>Coleomegilla maculata lengi<\/em>), la demoiselle bistr\u00e9e (<em>Calopteryx maculata<\/em>), la cicind\u00e8le \u00e0 six points (<em>Cicindela sexguttata<\/em>), le bourdon f\u00e9brile (<em>Bombus impatiens<\/em>) et le papillon Amiral (<em>Limenitis arthemis<\/em>). L\u2019ann\u00e9e suivante, le ministre de l\u2019Environnement et de la Faune, David Cliche, donnait son appui au projet de doter le Qu\u00e9bec d\u2019un insecte embl\u00e8me. Au printemps 1998, avec le partenariat de plusieurs organismes (Soci\u00e9t\u00e9 d\u2019entomologie du Qu\u00e9bec (SEQ), Association des entomologistes amateurs du Qu\u00e9bec (AEAQ), Entomofaune du Qu\u00e9bec, les Amis de l\u2019Insectarium et la ville de Montr\u00e9al), l\u2019Insectarium de Montr\u00e9al mettait en place l\u2019exposition \u00ab <em>Pourquoi un insecte embl\u00e8me <\/em>\u00bb ? Un vote populaire fut organis\u00e9 (d\u2019avril \u00e0 d\u00e9cembre) afin de choisir l\u2019insecte qui deviendrait le quatri\u00e8me embl\u00e8me du Qu\u00e9bec. \u00c0 l\u2019issue de cette consultation, c\u2019est le papillon Amiral qui est sorti gagnant du scrutin, remportant pr\u00e8s d\u2019un tiers des suffrages avec plus de 73 000 votes sur 230 000 et devan\u00e7ant la coccinelle macul\u00e9e de quelques 5000 voix. <\/p>\n\n\n\n<p>Commen\u00e7ait alors une longue route vers la reconnaissance officielle\nde l\u2019Amiral en tant qu\u2019insecte embl\u00e8me. <\/p>\n\n\n\n<p><strong>Une reconnaissance qui\ntarde \u00e0 \u00eatre officialis\u00e9e \u2026<\/strong><\/p>\n\n\n\n<p>Des d\u00e9marches ont \u00e9t\u00e9 entreprises sous diff\u00e9rents\ngouvernements jusqu\u2019au milieu des ann\u00e9es 2000, mais chacune d\u2019elles s\u2019est\nav\u00e9r\u00e9e vaine. C\u2019est pour reconna\u00eetre et honorer le travail du comit\u00e9 de\ns\u00e9lection, de toutes celles et tous ceux qui ont \u00e9t\u00e9 impliqu\u00e9s dans ce projet ainsi\nque des milliers de personnes qui ont pris part au vote que la SEQ a d\u00e9cid\u00e9 de\nrelancer le dossier en 2015. Le 15 juin 2017, le d\u00e9put\u00e9 Dave Turcotte, d\u00e9posait\n<a href=\"http:\/\/www.assnat.qc.ca\/fr\/travaux-parlementaires\/projets-loi\/projet-loi-894-41-1.html\">le projet de loi n\u00b0 894<\/a> (Loi modifiant la Loi sur le drapeau\net les embl\u00e8mes du Qu\u00e9bec afin que le papillon Amiral soit reconnu comme\ninsecte embl\u00e9matique du Qu\u00e9bec) et l\u2019Assembl\u00e9e nationale du Qu\u00e9bec acceptait\nd\u2019en \u00eatre saisie. En 2017, en signe d\u2019espoir, les organisateurs de la r\u00e9union\nannuelle de la SEQ ont \u00e9galement choisi de faire un clin d\u2019\u0153il \u00e0 ce projet de\nloi en choisissant l\u2019Amiral comme logo de l\u2019\u00e9v\u00e8nement, dont la th\u00e9matique \u00e9tait\n\u00ab Le patrimoine entomologique \u00bb. &nbsp;Les\n\u00e9lections provinciales de 2018 ont fait en sorte que le projet de Loi n\u2019a\njamais \u00e9t\u00e9 appel\u00e9 pour un vote au Salon Bleu pour officialiser l\u2019Amiral comme\ninsecte embl\u00e8me du Qu\u00e9bec.<\/p>\n\n\n\n<p><strong>De l\u2019espoir \u00e0 l\u2019horizon\n? Notre derni\u00e8re chance\u2026<\/strong><\/p>\n\n\n\n<p>Avant qu\u2019un projet de Loi se retrouve devant l\u2019Assembl\u00e9e\nnationale du Qu\u00e9bec, il faut d\u2019abord r\u00e9ussir \u00e0 avoir l\u2019\u00e9coute de d\u00e9put\u00e9s et\nr\u00e9ussir \u00e0 les convaincre, avoir l\u2019appui du caucus du parti politique qui\nsoumettra le projet de Loi. Il s\u2019en suit alors un processus de r\u00e9daction et de\nvalidation du projet qui implique des juristes de l\u2019\u00c9tat. Une fois que le\nprojet est r\u00e9dig\u00e9, il peut \u00eatre d\u00e9pos\u00e9 \u00e0 l\u2019Assembl\u00e9e nationale du Qu\u00e9bec. Puis quelques\nmois peuvent encore passer avant que le projet soit appel\u00e9 pour le vote.<\/p>\n\n\n\n<p>L\u2019avanc\u00e9e faite en 2017 par la SEQ, en d\u00e9pit de l\u2019arr\u00eat du\nprocessus par la tenue des \u00e9lections, a raviv\u00e9 l\u2019espoir. Plusieurs rencontres\nont d\u00e9j\u00e0 eu lieu depuis 2018 ainsi que divers dossiers d\u00e9pos\u00e9s aupr\u00e8s de\nd\u00e9put\u00e9s et du Minist\u00e8re de la Justice, responsable du drapeau et des symboles\nnationaux. La d\u00e9put\u00e9e Agn\u00e8s Grondin, appuy\u00e9e par son coll\u00e8gue Louis Lemieux, de\nla Coalition Avenir Qu\u00e9bec (CAQ) a accept\u00e9 de reprendre le dossier.&nbsp; L\u2019\u00e9tat d\u2019avancement du projet devrait\npermettre l\u2019officialisation de l\u2019Amiral.<\/p>\n\n\n\n<p>L\u2019officialisation d\u2019un nouvel embl\u00e8me pour le Qu\u00e9bec n\u2019est\nbien s\u00fbr pas un enjeu majeur pour notre province. Il nous est encore permis\nd\u2019esp\u00e9rer et de garder espoir ! L\u2019Amiral de par ses caract\u00e9ristiques et des\n\u00e9l\u00e9ments de sa biologie s\u2019av\u00e8re toujours un choix judicieux qui aura aussi une\nbelle pr\u00e9sence dans une d\u00e9marche visant l\u2019accentuation de nos efforts de\nprotection de notre environnement qu\u00e9b\u00e9cois.<\/p>\n\n\n\n<p>En 2019, la SEQ, avec le concours\nfinancier de la SEC, a men\u00e9 un projet participatif pour d\u00e9terminer quelle est\nla distribution de l\u2019Amiral au Qu\u00e9bec. Ce sont 106 observations qui ont \u00e9t\u00e9\nfaites \u00e0 travers toute la province. Les r\u00e9sultats de ce projet participatif\nsont disponibles sur le site <a href=\"https:\/\/www.inaturalist.org\/projects\/amiral-projet-d-insecte-embleme-du-quebec\">iNaturalist<\/a>.\nCe recensement d\u00e9montre l\u2019int\u00e9r\u00eat des citoyens pour l\u2019Amiral et qu\u2019il est\nlargement distribu\u00e9 dans plusieurs r\u00e9gions du Qu\u00e9bec.<\/p>\n\n\n\n<p><strong>Vif espoir \u00e0 l\u2019horizon pour l\u2019insecte embl\u00e9matique<\/strong><\/p>\n\n\n\n<p>Une \u00e9tape marquante vient d\u2019\u00eatre franchie le 26 mai 2021 afin de doter le Qu\u00e9bec d\u2019un embl\u00e8me entomologique. L\u2019annonce du d\u00e9p\u00f4t du projet de loi 793 par la d\u00e9put\u00e9e Mme Agn\u00e8s Grondin ravive l\u2019espoir tant attendu par la Soci\u00e9t\u00e9 d\u2019entomologie du Qu\u00e9bec et ses partenaires dont l\u2019Insectarium de Montr\u00e9al, l\u2019Association des entomologistes amateurs du Qu\u00e9bec (AEAQ), l\u2019Entomofaune du Qu\u00e9bec (EQ) et les Amis de l\u2019Insectarium.<\/p>\n\n\n\n<p>La reconnaissance d\u2019un insecte embl\u00e9matique rev\u00eat une grande importance. Comme l\u2019a mentionn\u00e9 Mme Grondin, les Qu\u00e9b\u00e9cois sont fiers de leur nature et ce projet de loi met en valeur la biodiversit\u00e9 du Qu\u00e9bec<\/p>\n\n\n\n<p>Faisant suite au d\u00e9p\u00f4t du projet de loi, l\u2019Adoption de principe par l\u2019Assembl\u00e9e nationale le 10 juin fait du Qu\u00e9bec la premi\u00e8re province \u00e0 se doter d\u2019un insecte embl\u00e9matique. C\u2019est de bon augure en vue de permettre l\u2019adoption du projet de loi 793 d\u2019ici peu.<\/p>\n\n\n\n<p>&nbsp;Nous vous invitons \u00e0 \u00e9couter la pr\u00e9sentation de Mme Grondin qui rend hommage aux embl\u00e8mes d\u00e9j\u00e0 reconnus par le Gouvernement du Qu\u00e9bec et positionne avec \u00e9clat l\u2019Amiral. Soyons fiers de cette r\u00e9ussite et de la port\u00e9e, vivement mentionn\u00e9e par la d\u00e9put\u00e9e, que repr\u00e9sente un embl\u00e8me entomologique.<\/p>\n\n\n\n<p><a href=\"https:\/\/www.facebook.com\/AgnesGrondinCAQ\/posts\/4145346225530329\"><strong><span style=\"text-decoration: underline;\">Vid\u00e9o de l&rsquo;allocution de Mme Grondin<\/span><\/strong><\/a><\/p>\n\n\n\n<p><a href=\"http:\/\/www.assnat.qc.ca\/fr\/travaux-parlementaires\/projets-loi\/projet-loi-793-42-1.html\"><span style=\"text-decoration: underline;\"><strong>Projet de loi n\u00b0 793, Loi visant \u00e0 reconna\u00eetre le papillon amiral en tant qu\u2019insecte embl\u00e9matique du Qu\u00e9bec &#8211; Assembl\u00e9e nationale du Qu\u00e9bec (assnat.qc.ca)<\/strong><\/span><\/a><\/p>\n\n\n\n<p><a href=\"https:\/\/www.newswire.ca\/fr\/news-releases\/un-papillon-emblematique-pour-le-quebec-884524968.html\"><span style=\"text-decoration: underline;\"><strong>Un papillon embl\u00e9matique pour le Qu\u00e9bec(newswire.ca)<\/strong><\/span><\/a><\/p>\n\n\n\n<p><strong>Pour en savoir plus&nbsp;:<\/strong><\/p>\n\n\n\n<ul class=\"wp-block-list\"><li><strong><a href=\"https:\/\/seq.ca\/wp-content\/uploads\/2021\/06\/Fiche_amiral_2021.pdf\">Blitz Amiral<\/a><\/strong><\/li><li>Feuillet <em><a href=\"https:\/\/seq.ca\/wp-content\/uploads\/2020\/03\/Amiral-feuillet-SEQ.pdf\"><strong>Un papillon embl\u00e9matique pour le Qu\u00e9bec<\/strong><\/a><\/em> r\u00e9alis\u00e9 par la SEQ \u00e0 la demande de Monsieur Louis Lemieux en 2019.<\/li><li><a href=\"https:\/\/seq.ca\/wp-content\/uploads\/2020\/05\/Article-amiral_Volume-24-No.3-Automne-2017-pages-12-13.pdf\"><strong>L&rsquo;Amiral : \u00e0 un battement d&rsquo;ailes de devenir embl\u00e8me officiel du Qu\u00e9be<\/strong>c<\/a> (Article d&rsquo;Antennae).<\/li><li><strong><a href=\"https:\/\/www.inaturalist.org\/projects\/blitz-amiral-futur-insecte-embleme-du-quebec\">Inventaire de l&rsquo;Amiral au Qu\u00e9bec (iNaturalist)<\/a><\/strong><\/li><li><strong><a href=\"https:\/\/seq.ca\/wp-content\/uploads\/2021\/09\/ESC_Limenitis_common_name_FINAL.pdf\">Officialisation du nom Amiral blanc<\/a><\/strong><\/li><\/ul>\n\n\n\n<p><\/p>","protected":false},"excerpt":{"rendered":"<p>Un insecte embl\u00e9matique pour le Qu\u00e9bec, pourquoi pas? Mise en contexte Le Qu\u00e9bec poss\u00e8de d\u00e9j\u00e0 trois embl\u00e8mes nationaux officiels : le Bouleau jaune, le Harfang des neiges et l\u2019Iris versicolore. Depuis quelques ann\u00e9es le papillon amiral a \u00e9t\u00e9 choisi par un vote d\u00e9mocratique pour \u00eatre le papillon \/ insecte embl\u00e8me du Qu\u00e9bec. Des d\u00e9marches ont [&hellip;]<\/p>","protected":false},"author":1,"featured_media":9712,"parent":0,"menu_order":0,"comment_status":"closed","ping_status":"closed","template":"","meta":{"pmpro_default_level":"","_uag_custom_page_level_css":"","footnotes":""},"class_list":["post-9705","page","type-page","status-publish","has-post-thumbnail","hentry","pmpro-has-access"],"uagb_featured_image_src":{"full":["https:\/\/seq.ca\/wp-content\/uploads\/2020\/03\/LE-NYMP-LIM-ART-13a_JMDS_\u00c9tir\u00e9.jpg",2500,1610,false],"thumbnail":["https:\/\/seq.ca\/wp-content\/uploads\/2020\/03\/LE-NYMP-LIM-ART-13a_JMDS_\u00c9tir\u00e9-150x150.jpg",150,150,true],"medium":["https:\/\/seq.ca\/wp-content\/uploads\/2020\/03\/LE-NYMP-LIM-ART-13a_JMDS_\u00c9tir\u00e9-300x193.jpg",300,193,true],"medium_large":["https:\/\/seq.ca\/wp-content\/uploads\/2020\/03\/LE-NYMP-LIM-ART-13a_JMDS_\u00c9tir\u00e9-768x495.jpg",768,495,true],"large":["https:\/\/seq.ca\/wp-content\/uploads\/2020\/03\/LE-NYMP-LIM-ART-13a_JMDS_\u00c9tir\u00e9-1024x659.jpg",768,494,true],"1536x1536":["https:\/\/seq.ca\/wp-content\/uploads\/2020\/03\/LE-NYMP-LIM-ART-13a_JMDS_\u00c9tir\u00e9-1536x989.jpg",1536,989,true],"2048x2048":["https:\/\/seq.ca\/wp-content\/uploads\/2020\/03\/LE-NYMP-LIM-ART-13a_JMDS_\u00c9tir\u00e9-2048x1319.jpg",2048,1319,true],"trp-custom-language-flag":["https:\/\/seq.ca\/wp-content\/uploads\/2020\/03\/LE-NYMP-LIM-ART-13a_JMDS_\u00c9tir\u00e9.jpg",18,12,false],"featured-image-medium":["https:\/\/seq.ca\/wp-content\/uploads\/2020\/03\/LE-NYMP-LIM-ART-13a_JMDS_\u00c9tir\u00e9.jpg",543,350,false],"featured-img-medium":["https:\/\/seq.ca\/wp-content\/uploads\/2020\/03\/LE-NYMP-LIM-ART-13a_JMDS_\u00c9tir\u00e9.jpg",582,375,false]},"uagb_author_info":{"display_name":"Soci\u00e9t\u00e9 d'entomologie du Qu\u00e9bec","author_link":"https:\/\/seq.ca\/en\/author\/webmestreseq\/"},"uagb_comment_info":0,"uagb_excerpt":"Un insecte embl\u00e9matique pour le Qu\u00e9bec, pourquoi pas? Mise en contexte Le Qu\u00e9bec poss\u00e8de d\u00e9j\u00e0 trois embl\u00e8mes nationaux officiels : le Bouleau jaune, le Harfang des neiges et l\u2019Iris versicolore. Depuis quelques ann\u00e9es le papillon amiral a \u00e9t\u00e9 choisi par un vote d\u00e9mocratique pour \u00eatre le papillon \/ insecte embl\u00e8me du Qu\u00e9bec. Des d\u00e9marches ont&hellip;","_links":{"self":[{"href":"https:\/\/seq.ca\/en\/wp-json\/wp\/v2\/pages\/9705","targetHints":{"allow":["GET"]}}],"collection":[{"href":"https:\/\/seq.ca\/en\/wp-json\/wp\/v2\/pages"}],"about":[{"href":"https:\/\/seq.ca\/en\/wp-json\/wp\/v2\/types\/page"}],"author":[{"embeddable":true,"href":"https:\/\/seq.ca\/en\/wp-json\/wp\/v2\/users\/1"}],"replies":[{"embeddable":true,"href":"https:\/\/seq.ca\/en\/wp-json\/wp\/v2\/comments?post=9705"}],"version-history":[{"count":0,"href":"https:\/\/seq.ca\/en\/wp-json\/wp\/v2\/pages\/9705\/revisions"}],"wp:featuredmedia":[{"embeddable":true,"href":"https:\/\/seq.ca\/en\/wp-json\/wp\/v2\/media\/9712"}],"wp:attachment":[{"href":"https:\/\/seq.ca\/en\/wp-json\/wp\/v2\/media?parent=9705"}],"curies":[{"name":"wp","href":"https:\/\/api.w.org\/{rel}","templated":true}]}}